{"id":971,"date":"2015-04-29T15:47:48","date_gmt":"2015-04-29T18:47:48","guid":{"rendered":"http:\/\/web.molina.cl\/?page_id=971"},"modified":"2015-04-29T15:47:48","modified_gmt":"2015-04-29T18:47:48","slug":"cuenta-publica-2014","status":"publish","type":"page","link":"https:\/\/web.molina.cl\/?page_id=971","title":{"rendered":"Cuenta P\u00fablica 2014"},"content":{"rendered":"<div id=\"tdi_1\" class=\"tdc-row\"><div class=\"vc_row tdi_2  wpb_row td-pb-row\" >\n<style scoped>\n\/* custom css - generated by TagDiv Composer *\/\n\n\/* custom css - generated by TagDiv Composer *\/\n.tdi_2,\r\n                .tdi_2 .tdc-columns{\r\n                    min-height: 0;\r\n                }.tdi_2,\r\n\t\t\t\t.tdi_2 .tdc-columns{\r\n\t\t\t\t    display: block;\r\n\t\t\t\t}.tdi_2 .tdc-columns{\r\n\t\t\t\t    width: 100%;\r\n\t\t\t\t}.tdi_2:before,\r\n\t\t\t\t.tdi_2:after{\r\n\t\t\t\t    display: table;\r\n\t\t\t\t}\n<\/style><div class=\"vc_column tdi_4  wpb_column vc_column_container tdc-column td-pb-span12\">\n<style scoped>\n\/* custom css - generated by TagDiv Composer *\/\n\n\/* custom css - generated by TagDiv Composer *\/\n.tdi_4{\r\n                    vertical-align: baseline;\r\n                }.tdi_4 > .wpb_wrapper,\r\n\t\t\t\t.tdi_4 > .wpb_wrapper > .tdc-elements{\r\n\t\t\t\t    display: block;\r\n\t\t\t\t}.tdi_4 > .wpb_wrapper > .tdc-elements{\r\n\t\t\t\t    width: 100%;\r\n\t\t\t\t}.tdi_4 > .wpb_wrapper > .vc_row_inner{\r\n\t\t\t\t    width: auto;\r\n\t\t\t\t}.tdi_4 > .wpb_wrapper{\r\n\t\t\t\t    width: auto;\r\n\t\t\t\t    height: auto;\r\n\t\t\t\t}\n<\/style><div class=\"wpb_wrapper\" ><div class=\"wpb_wrapper wpb_text_column td_block_wrap td_block_wrap vc_column_text tdi_5  tagdiv-type td-pb-border-top td_block_template_2\"  data-td-block-uid=\"tdi_5\" >\n<style>\n\/* custom css - generated by TagDiv Composer *\/\n.vc_column_text > .td-element-style{\r\n\t\t\t\t\tz-index: -1;\r\n\t\t\t\t}\n<\/style><div class=\"td-fix-index\"><p style=\"text-align: justify;\">Dando\u00a0cumplimiento al Art. 67 de la Ley N\u00ba18.695 \u201cOrg\u00e1nica\u00a0Constitucional de Municipalidades\u201d, La Ilustre Municipalidad de Molina a trav\u00e9s de su Alcaldesa Priscilla Castillo Gerli da a conocer de forma oficial a toda la comunidad la gesti\u00f3n realizada el a\u00f1o 2014.<\/p>\n<p><!--\n\n\n<p style=\"text-align: justify;\"><img loading=\"lazy\" decoding=\"async\" class=\"alignnone size-full wp-image-974\" src=\"https:\/\/web.molina.cl\/wp-content\/uploads\/2015\/04\/Portada-cta-publica.jpg\" alt=\"Portada-cta-publica\" width=\"700\" height=\"906\" \/>\n\n--><br \/>\n<a title=\"Descargar\" href=\"https:\/\/web.molina.cl\/wp-content\/uploads\/2016\/12\/Cuenta-Publica-2014-IM-Molina.pdf\"><img loading=\"lazy\" decoding=\"async\" class=\"alignnone size-full wp-image-974\" src=\"https:\/\/web.molina.cl\/wp-content\/uploads\/2015\/04\/Portada-cta-publica-3.jpg\" alt=\"Portada-cta-publica\" width=\"700\" height=\"906\" \/><\/a><\/p>\n<div class=\"fb-video\" data-href=\"https:\/\/www.facebook.com\/video.php?v=415478388632582\" data-width=\"100%\" data-allowfullscreen=\"true\"><\/div>\n<\/div><\/div><\/div><\/div><\/div><\/div>","protected":false},"excerpt":{"rendered":"","protected":false},"author":1,"featured_media":0,"parent":0,"menu_order":0,"comment_status":"open","ping_status":"open","template":"","meta":{"footnotes":""},"_links":{"self":[{"href":"https:\/\/web.molina.cl\/index.php?rest_route=\/wp\/v2\/pages\/971"}],"collection":[{"href":"https:\/\/web.molina.cl\/index.php?rest_route=\/wp\/v2\/pages"}],"about":[{"href":"https:\/\/web.molina.cl\/index.php?rest_route=\/wp\/v2\/types\/page"}],"author":[{"embeddable":true,"href":"https:\/\/web.molina.cl\/index.php?rest_route=\/wp\/v2\/users\/1"}],"replies":[{"embeddable":true,"href":"https:\/\/web.molina.cl\/index.php?rest_route=%2Fwp%2Fv2%2Fcomments&post=971"}],"version-history":[{"count":0,"href":"https:\/\/web.molina.cl\/index.php?rest_route=\/wp\/v2\/pages\/971\/revisions"}],"wp:attachment":[{"href":"https:\/\/web.molina.cl\/index.php?rest_route=%2Fwp%2Fv2%2Fmedia&parent=971"}],"curies":[{"name":"wp","href":"https:\/\/api.w.org\/{rel}","templated":true}]}}