{"id":54429,"date":"2022-11-15T10:30:04","date_gmt":"2022-11-15T14:30:04","guid":{"rendered":"https:\/\/web.molina.cl\/?page_id=54429"},"modified":"2024-01-18T08:31:37","modified_gmt":"2024-01-18T12:31:37","slug":"departamento-de-planificacion-vial","status":"publish","type":"page","link":"https:\/\/web.molina.cl\/?page_id=54429","title":{"rendered":"Departamento de Planificaci\u00f3n Vial."},"content":{"rendered":"\n<p><p align=\"justify\">El Departamento de Planificaci\u00f3n Vial tiene por finalidad velar por la correcta se\u00f1alizaci\u00f3n de las V\u00edas P\u00fablicas dentro de la comuna junto con la fiscalizaci\u00f3n del estado de las se\u00f1al\u00e9ticas en la V\u00eda P\u00fablica, adem\u00e1s de brindar la informaci\u00f3n acerca de los elementos viales vigentes por Ley.<\/p><\/p>\n\n\n\n<p><p align=\"justify\"><strong>Departamento de Planificaci\u00f3n Vial:<\/strong>&nbsp;Quechereguas N\u00b0 1647<br><strong>Horario de atenci\u00f3n:<\/strong>&nbsp;Lunes A Viernes De&nbsp;<strong>08:20<\/strong>&nbsp;A&nbsp;<strong>14:00 Hrs.<\/strong><\/p><\/p>\n\n\n\n<div class=\"wp-block-buttons is-layout-flex wp-block-buttons-is-layout-flex\">\n<div class=\"wp-block-button has-custom-width wp-block-button__width-100 is-style-shadow\"><a class=\"wp-block-button__link has-background\" href=\"https:\/\/web.molina.cl\/?page_id=54433\" style=\"border-radius:50px;background-color:#ff3952\">Estacionamiento para Personas con Discapacidad<\/a><\/div>\n\n\n\n<div class=\"wp-block-button has-custom-width wp-block-button__width-100 is-style-shadow\"><a class=\"wp-block-button__link has-background\" href=\"https:\/\/web.molina.cl\/?page_id=62275\" style=\"border-radius:50px;background-color:#ff3952\">Capsulas explicativas<\/a><\/div>\n<\/div>\n\n\n<section id='' \n                class='helpie-faq accordions faq-toggle' \n                data-collection='' \n                data-pagination='0' \n                data-search='0' \n                data-pagination-enabled='0'\n                role='region'\n                aria-label='FAQ Section'\n                aria-live='polite'><article class=\"accordion \"><div class='helpie-faq-row'><div class='helpie-faq-col helpie-faq-col-12' ><ul><li class=\"accordion__item \"><div class=\"accordion__header \" \r\n                id=\"accordion-header-post-54424\"\r\n                role=\"button\"\r\n                aria-expanded=\"false\"\r\n                aria-controls=\"accordion-content-post-54424\"\r\n                data-id=\"post-54424\" \r\n                data-item=\"hfaq-post-54424\" \r\n                style=\"background:transparent;\" \r\n                data-tags=\"\"\r\n                tabindex=\"0\"><div class=\"accordion__title\">Reductores de velocidad<\/div><\/div><div id=\"accordion-content-post-54424\" \r\n                class=\"accordion__body\" \r\n                role=\"region\"\r\n                aria-labelledby=\"accordion-header-post-54424\"\r\n                style=\"background:transparent;\"><p><b>\u00bfQu\u00e9 son y para qu\u00e9 sirven?<\/b><br \/>\nSon elementos f\u00edsicos con deflexi\u00f3n vertical que obligan al conductor a reducir la velocidad independientemente de su voluntad.<br \/>\n<b>\u00bfD\u00f3nde se ubican?<\/b><br \/>\nEn v\u00edas locales definidas seg\u00fan Decreto supremo N\u00b0 83, de 1985, del MTT \u00abDefine Redes Viales B\u00e1sicas\u201d y en los pasajes definidos en el Decreto supremo N\u00b0 47, de 1992 del Ministerio de Vivienda y Urbanismo, que fija el nuevo texto de la \u00abOrdenanza General de Urbanismo y Construcciones\u00bb. Tambi\u00e9n, en v\u00edas pertenecientes al Ministerio de Obras P\u00fablicas (MOP).<br \/>\n<b>\u00bfCu\u00e1ntos tipos de Resalto se utilizan?<\/b><br \/>\nSe utilizan cinco tipos, los cuales deben cumplir con las caracter\u00edsticas de dise\u00f1o, requisitos y est\u00e1ndares establecidos en el Decreto 200. Estos son:<\/p>\n<ul>\n<li>Lomo de Toro<\/li>\n<li>Acera Continua<\/li>\n<li>Plataforma<\/li>\n<li>Lomillo<\/li>\n<li>Cojines<\/li>\n<\/ul>\n<p><b><\/b><br \/>\n<b>\u00bfQu\u00e9 tipos de Resalto NO SE DEBEN UTILIZAR?<\/b><br \/>\nEn las distintas calles y pasajes pertenecientes a la Red Vial B\u00e1sica de una ciudad NO se deben instalar Resaltos de Goma o Caucho que no cumplan con las dimensiones (dise\u00f1o), formas de emplazamiento y est\u00e1ndares establecidos en el Decreto 200.<\/p>\n<ul>\n<li><b>Resalto de Goma o Caucho<\/b><\/li>\n<\/ul>\n<p><strong>M\u00e1s Informaci\u00f3n\u00a0<\/strong>\u00a0<a class=\"a1\" href=\"https:\/\/drive.google.com\/file\/d\/1rITI4UVcGPuOp1kRYm23bir6b7lQmuRU\/view\" target=\"_blank\" rel=\"noopener\">Resaltos Reductores de Velocidad<\/a><\/p>\n<\/div><\/li><\/ul><\/div><\/div><\/article><\/section>\n\n\n\n<h4 class=\"wp-block-heading\">Recomendaciones<\/h4>\n\n\n\n<p><p align=\"justify\">Seg\u00fan los informes publicados por la Comisi\u00f3n Nacional de Seguridad de Tr\u00e1nsito (CONASET) respecto a la participaci\u00f3n de peatones en siniestros de tr\u00e1nsito la principal causa fue de la imprudencia del conductor con el 46.3 % de los incidentes ocurridos, pero la&nbsp;<strong>imprudencia del peat\u00f3n<\/strong>&nbsp;fue la principal&nbsp;<strong>causa de fallecidos<\/strong>&nbsp;durante el a\u00f1o 2021 con el 70.9% de v\u00edctimas fatales.<\/p><\/p>\n\n\n<section id='' \n                class='helpie-faq accordions faq-toggle' \n                data-collection='' \n                data-pagination='0' \n                data-search='0' \n                data-pagination-enabled='0'\n                role='region'\n                aria-label='FAQ Section'\n                aria-live='polite'><article class=\"accordion \"><div class='helpie-faq-row'><div class='helpie-faq-col helpie-faq-col-12' ><ul><li class=\"accordion__item \"><div class=\"accordion__header \" \r\n                id=\"accordion-header-post-54702\"\r\n                role=\"button\"\r\n                aria-expanded=\"false\"\r\n                aria-controls=\"accordion-content-post-54702\"\r\n                data-id=\"post-54702\" \r\n                data-item=\"hfaq-post-54702\" \r\n                style=\"background:transparent;\" \r\n                data-tags=\"\"\r\n                tabindex=\"0\"><div class=\"accordion__title\">Recomendaciones para Peatones<\/div><\/div><div id=\"accordion-content-post-54702\" \r\n                class=\"accordion__body\" \r\n                role=\"region\"\r\n                aria-labelledby=\"accordion-header-post-54702\"\r\n                style=\"background:transparent;\"><ul>\n<li>Respeta siempre el sem\u00e1foro, espera la luz verde y nunca cruces en una curva o en zonas donde no puedas ver si viene un veh\u00edculo cerca, es importante fijarte a que distancia y velocidad vienen los veh\u00edculos.<\/li>\n<li>No te distraigas por el uso de dispositivos electr\u00f3nicos, como celular o aud\u00edfonos. La privaci\u00f3n de los sentidos, o aislamiento del medio ambiente, impide escuchar sonidos del entorno local y aumenta las probabilidades de sufrir un atropello.<\/li>\n<li>Mira hac\u00eda ambos lados antes de cruzar para asegurarte que de no venga ning\u00fan veh\u00edculo cerca. Nunca cruces entre dos autos estacionados ya que, no te permite tener la visibilidad suficiente y los conductores no podr\u00e1n verte a tiempo.<\/li>\n<li>En horarios de poca luz, utiliza ropa clara o elementos reflectantes para hacerte m\u00e1s visible.<\/li>\n<li>Cruza la calle en pasos para peatones o cruces habilitados. Donde haya una pasarela, \u00fasala y nunca pases por debajo de ella.<\/li>\n<\/ul>\n<\/div><\/li><li class=\"accordion__item \"><div class=\"accordion__header \" \r\n                id=\"accordion-header-post-54703\"\r\n                role=\"button\"\r\n                aria-expanded=\"false\"\r\n                aria-controls=\"accordion-content-post-54703\"\r\n                data-id=\"post-54703\" \r\n                data-item=\"hfaq-post-54703\" \r\n                style=\"background:transparent;\" \r\n                data-tags=\"\"\r\n                tabindex=\"0\"><div class=\"accordion__title\">Recomendaciones para Conductores<\/div><\/div><div id=\"accordion-content-post-54703\" \r\n                class=\"accordion__body\" \r\n                role=\"region\"\r\n                aria-labelledby=\"accordion-header-post-54703\"\r\n                style=\"background:transparent;\"><ul>\n<li>Las personas que utilizan el celular mientras conducen, corren un riesgo 4 veces mayor de verse involucrados en un siniestro de tr\u00e1nsito. \u00a1Todo puede esperar!\u00a0<b>Si conduces, no chatees.<\/b><\/li>\n<li>Viajar sin usar el cintur\u00f3n de seguridad es uno de los mayores factores de riesgo al circular en veh\u00edculos motorizados.<\/li>\n<li>El consumo de alcohol y otras drogas modifica el comportamiento habitual de las personas, afectando las capacidades que requieren para transitar por las v\u00edas en cualquiera de sus modos, poniendo en riesgo nuestra vida y las de quienes nos rodean.<\/li>\n<li>El exceso de velocidad es un factor que no es visto masivamente como un problema o un riesgo para la vida de las personas. Pero es especialmente peligroso, dado que act\u00faa como un factor agravante en un siniestro de tr\u00e1nsito, aumentando sus consecuencias, llegando a ser, generalmente, fatales.<\/li>\n<li>Recuerda respetar las se\u00f1ales de tr\u00e1nsito y demarcaciones existentes en las v\u00edas para facilitar una mejor y m\u00e1s segura convivencia vial.<\/li>\n<li>Recuerda no estacionarte en cualquier parte de la calzada, berma y veredas. Respeta siempre los estacionamientos reservados.<\/li>\n<\/ul>\n<\/div><\/li><\/ul><\/div><\/div><\/article><\/section>\n\n\n\n<p><a href=\"https:\/\/drive.google.com\/file\/d\/1tJvFDihdOKF1M7UzpGlSmIqDaDzgfGws\/view\">Manual de Se\u00f1alizaci\u00f3n de Tr\u00e1nsito&nbsp;<\/a><br><a href=\"https:\/\/drive.google.com\/file\/d\/1HUoJpm5FTfcNvGUfr0fmL3YJeo4szdXc\/view\">Elementos de Apoyo Permanente&nbsp;<\/a><br><a href=\"https:\/\/drive.google.com\/file\/d\/1Qi4nNF5GStUYXIIGjPvAxhYjnFmdeT9h\/view\">Se\u00f1ales de Mensaje Variable&nbsp;<\/a><\/p>\n\n\n\n<div class=\"wp-block-buttons is-content-justification-right is-layout-flex wp-block-buttons-is-layout-flex\">\n<div class=\"wp-block-button has-custom-width wp-block-button__width-25 has-custom-font-size is-style-shadow has-regular-font-size\"><a class=\"wp-block-button__link has-background\" href=\"https:\/\/web.molina.cl\/?page_id=53412\" style=\"border-radius:50px;background-color:#ff3952\">Volver<\/a><\/div>\n<\/div>\n","protected":false},"excerpt":{"rendered":"<p>El Departamento de Planificaci\u00f3n Vial tiene por finalidad velar por la correcta se\u00f1alizaci\u00f3n de las V\u00edas P\u00fablicas dentro de la comuna junto con la fiscalizaci\u00f3n del estado de las se\u00f1al\u00e9ticas en la V\u00eda P\u00fablica, adem\u00e1s de brindar la informaci\u00f3n acerca de los elementos viales vigentes por Ley. Departamento de Planificaci\u00f3n Vial:&nbsp;Quechereguas N\u00b0 1647Horario de atenci\u00f3n:&nbsp;Lunes [&hellip;]<\/p>\n","protected":false},"author":7,"featured_media":0,"parent":53412,"menu_order":0,"comment_status":"closed","ping_status":"closed","template":"","meta":{"footnotes":""},"_links":{"self":[{"href":"https:\/\/web.molina.cl\/index.php?rest_route=\/wp\/v2\/pages\/54429"}],"collection":[{"href":"https:\/\/web.molina.cl\/index.php?rest_route=\/wp\/v2\/pages"}],"about":[{"href":"https:\/\/web.molina.cl\/index.php?rest_route=\/wp\/v2\/types\/page"}],"author":[{"embeddable":true,"href":"https:\/\/web.molina.cl\/index.php?rest_route=\/wp\/v2\/users\/7"}],"replies":[{"embeddable":true,"href":"https:\/\/web.molina.cl\/index.php?rest_route=%2Fwp%2Fv2%2Fcomments&post=54429"}],"version-history":[{"count":12,"href":"https:\/\/web.molina.cl\/index.php?rest_route=\/wp\/v2\/pages\/54429\/revisions"}],"predecessor-version":[{"id":62281,"href":"https:\/\/web.molina.cl\/index.php?rest_route=\/wp\/v2\/pages\/54429\/revisions\/62281"}],"up":[{"embeddable":true,"href":"https:\/\/web.molina.cl\/index.php?rest_route=\/wp\/v2\/pages\/53412"}],"wp:attachment":[{"href":"https:\/\/web.molina.cl\/index.php?rest_route=%2Fwp%2Fv2%2Fmedia&parent=54429"}],"curies":[{"name":"wp","href":"https:\/\/api.w.org\/{rel}","templated":true}]}}