{"id":49916,"date":"2022-03-18T15:35:11","date_gmt":"2022-03-18T19:35:11","guid":{"rendered":"https:\/\/web.molina.cl\/?page_id=49916"},"modified":"2024-12-19T10:44:33","modified_gmt":"2024-12-19T14:44:33","slug":"concursos-publicos-municipalidad-de-molina-2","status":"publish","type":"page","link":"https:\/\/web.molina.cl\/?page_id=49916","title":{"rendered":"Concursos P\u00fablicos Municipalidad de Molina"},"content":{"rendered":"\n<p><strong>Bases de Concurso <\/strong><\/p>\n\n\n\n<p><strong>P\u00fablico de Antecedentes para Proveer Cargo de DIRECTOR\/A DE CENTRO DE SALUD FAMILIAR MOLINA.<\/strong><\/p>\n\n\n\n<div class=\"wp-block-file\"><a href=\"https:\/\/web.molina.cl\/wp-content\/uploads\/2024\/08\/Bases-Concurso-Director-de-Cesfam-Molina.pdf\">DESCARGAR BASES<\/a><a href=\"https:\/\/web.molina.cl\/wp-content\/uploads\/2024\/08\/Bases-Concurso-Director-de-Cesfam-Molina.pdf\" class=\"wp-block-file__button\">Descarga<\/a><\/div>\n\n\n\n<p><strong><strong>BASES ADMINISTRATIVAS DEL CONCURSO P\u00daBLICO PARA PROVEER DISTINTOS CARGOS VACANTES DE <\/strong>LA PLANTA <strong>DE PERSONAL DE LA I. MUNICIPALIDAD DE MOLINA<\/strong><\/strong><\/p>\n\n\n\n<div class=\"wp-block-file\"><a href=\"https:\/\/web.molina.cl\/wp-content\/uploads\/2024\/06\/Bases-Administrativas-Concurso-Publico-para-proveer-cargos-vacantes-de-la-Planta-Municipal.pdf\">DESCARGAR BASES<\/a><a href=\"https:\/\/web.molina.cl\/wp-content\/uploads\/2024\/06\/Bases-Administrativas-Concurso-Publico-para-proveer-cargos-vacantes-de-la-Planta-Municipal.pdf\" class=\"wp-block-file__button\">Descarga<\/a><\/div>\n\n\n\n<div class=\"wp-block-file\"><a href=\"https:\/\/web.molina.cl\/wp-content\/uploads\/2024\/06\/anexo-I.pdf\">ANEXO I<\/a><a href=\"https:\/\/web.molina.cl\/wp-content\/uploads\/2024\/06\/anexo-I.pdf\" class=\"wp-block-file__button\">Descarga<\/a><\/div>\n\n\n\n<div class=\"wp-block-file\"><a href=\"https:\/\/web.molina.cl\/wp-content\/uploads\/2024\/06\/ANEXO-II.pdf\">ANEXO II<\/a><a href=\"https:\/\/web.molina.cl\/wp-content\/uploads\/2024\/06\/ANEXO-II.pdf\" class=\"wp-block-file__button\">Descarga<\/a><\/div>\n\n\n\n<p><strong>BASES LLAMADO A CONCURSO P\u00daBLICO JEFAS DE HOGAR<\/strong><\/p>\n\n\n\n<div class=\"wp-block-file\"><a href=\"httpS:\/\/web.molina.cl\/wp-content\/uploads\/2024\/04\/BASES-CONCURSO-JEFAS-DE-HOGAR.pdf\">DESCARGAR BASES<\/a><a href=\"httpS:\/\/web.molina.cl\/wp-content\/uploads\/2024\/04\/BASES-CONCURSO-JEFAS-DE-HOGAR.pdf\" class=\"wp-block-file__button\">Descarga<\/a><\/div>\n\n\n\n<hr class=\"wp-block-separator has-css-opacity\"\/>\n\n\n\n<p><strong>BASES LLAMADO A CONCURSO P\u00daBLICO DE ANTECEDENTES PARA PROVEER<br>CARGO DE DIRECTOR\/A CENTRO DE SALUD FAMILIAR MOLINA.<\/strong><\/p>\n\n\n\n<div class=\"wp-block-file\"><a href=\"https:\/\/web.molina.cl\/wp-content\/uploads\/2024\/02\/Bases-Concurso-Director-de-Cesfam-Molina.pdf\">DESCARGAR BASES<\/a><a href=\"https:\/\/web.molina.cl\/wp-content\/uploads\/2024\/02\/Bases-Concurso-Director-de-Cesfam-Molina.pdf\" class=\"wp-block-file__button\">Descarga<\/a><\/div>\n\n\n\n<hr class=\"wp-block-separator has-css-opacity\"\/>\n\n\n\n<p><strong>BASES ADMINISTRATIVAS DEL CONCURSO P\u00daBLICO PARA PROVEER<br>DISTINTOS CARGOS VACANTES DE LA PLANTA DE PERSONAL DE LA<br>MUNICIPALIDAD DE MOLINA<\/strong><\/p>\n\n\n\n<div class=\"wp-block-file\"><a href=\"https:\/\/web.molina.cl\/wp-content\/uploads\/2024\/02\/bases-enero-2024-1.pdf\">DESCARGAR BASES<\/a><a href=\"https:\/\/web.molina.cl\/wp-content\/uploads\/2024\/02\/bases-enero-2024-1.pdf\" class=\"wp-block-file__button\">Descarga<\/a><\/div>\n\n\n\n<div class=\"wp-block-file\"><a href=\"https:\/\/web.molina.cl\/wp-content\/uploads\/2024\/02\/ANEXO-I.pdf\">ANEXO I<\/a><a href=\"https:\/\/web.molina.cl\/wp-content\/uploads\/2024\/02\/ANEXO-I.pdf\" class=\"wp-block-file__button\">Descarga<\/a><\/div>\n\n\n\n<div class=\"wp-block-file\"><a href=\"https:\/\/web.molina.cl\/wp-content\/uploads\/2024\/02\/ANEXO-II.pdf\">ANEXO II<\/a><a href=\"https:\/\/web.molina.cl\/wp-content\/uploads\/2024\/02\/ANEXO-II.pdf\" class=\"wp-block-file__button\">Descarga<\/a><\/div>\n\n\n\n<hr class=\"wp-block-separator has-css-opacity\"\/>\n\n\n\n<p><strong>CONCURSO P\u00daBLICO PARA APOYO FAMILIAR INTEGRAL<\/strong><\/p>\n\n\n\n<div class=\"wp-block-file\"><a href=\"https:\/\/web.molina.cl\/wp-content\/uploads\/2024\/01\/CONCURSO-Apoyo-Familias-Integral-enero2024.rev-fosis.pdf\">DESCARGAR BASES<\/a><a href=\"https:\/\/web.molina.cl\/wp-content\/uploads\/2024\/01\/CONCURSO-Apoyo-Familias-Integral-enero2024.rev-fosis.pdf\" class=\"wp-block-file__button\">Descarga<\/a><\/div>\n\n\n\n<p><strong>LLAMADO A CONCURSO PARA DIFERENTES CARGOS OLN MOLINA<\/strong><\/p>\n\n\n\n<div class=\"wp-block-file\"><a href=\"https:\/\/web.molina.cl\/wp-content\/uploads\/2024\/01\/CONCURSO-OLN-MOLINA.pdf\">DESCARGAR BASES<\/a><a href=\"https:\/\/web.molina.cl\/wp-content\/uploads\/2024\/01\/CONCURSO-OLN-MOLINA.pdf\" class=\"wp-block-file__button\">Descarga<\/a><\/div>\n\n\n\n<hr class=\"wp-block-separator has-css-opacity\"\/>\n\n\n\n<p><strong>BASES ADMINISTRATIVAS DEL CONCURSO P\u00daBLICO PARA PROVEER DISTINTOS CARGOS VACANTES DE LA PLANTA DE PERSONAL DE LA MUNICIPALIDAD DE MOLINA<\/strong><\/p>\n\n\n\n<div class=\"wp-block-file\"><a href=\"https:\/\/web.molina.cl\/wp-content\/uploads\/2023\/10\/Bases-concurso-2023.pdf\">DESCARGAR BASES<\/a><a href=\"https:\/\/web.molina.cl\/wp-content\/uploads\/2023\/10\/Bases-concurso-2023.pdf\" class=\"wp-block-file__button\">Descarga<\/a><\/div>\n\n\n\n<div class=\"wp-block-file\"><a href=\"https:\/\/web.molina.cl\/wp-content\/uploads\/2023\/10\/ANEXO-I.pdf\">ANEXO I<\/a><a href=\"https:\/\/web.molina.cl\/wp-content\/uploads\/2023\/10\/ANEXO-I.pdf\" class=\"wp-block-file__button\">Descarga<\/a><\/div>\n\n\n\n<div class=\"wp-block-file\"><a href=\"https:\/\/web.molina.cl\/wp-content\/uploads\/2023\/10\/ANEXO-II.pdf\">ANEXO II<\/a><a href=\"https:\/\/web.molina.cl\/wp-content\/uploads\/2023\/10\/ANEXO-II.pdf\" class=\"wp-block-file__button\">Descarga<\/a><\/div>\n\n\n\n<hr class=\"wp-block-separator has-css-opacity\"\/>\n\n\n\n<p><strong><strong>BASES CONCURSO INTERNO 2023 DEPARTAMENTO DE SALUD MOLINA<\/strong><\/strong><\/p>\n\n\n\n<p>De acuerdo a lo establecido al art\u00edculo \u00fanico de la Ley 21.308, la entidad administradora a trav\u00e9s de la Ilustre Municipalidad de Molina, llama a concurso interno para proveer los cargos necesarios de la dotaci\u00f3n de este departamento, con la finalidad de cumplir con lo establecido en el art\u00edculo 14 de la ley 19.378.<\/p>\n\n\n\n<div class=\"wp-block-file\"><a href=\"https:\/\/web.molina.cl\/wp-content\/uploads\/2023\/10\/Bases-concurso-interno-2023-Depto-de-Salud-Molina.pdf\">DESCARGAR BASES<\/a><a href=\"https:\/\/web.molina.cl\/wp-content\/uploads\/2023\/10\/Bases-concurso-interno-2023-Depto-de-Salud-Molina.pdf\" class=\"wp-block-file__button\">Descarga<\/a><\/div>\n\n\n\n<div class=\"wp-block-file\"><a href=\"https:\/\/web.molina.cl\/wp-content\/uploads\/2023\/12\/Dec-Alc-3742-15122023.pdf\">LISTADO Y PUNTAJE FINAL DE LOS POSTULANTES Decreto Alcaldicio N\u00b03742<\/a><a href=\"https:\/\/web.molina.cl\/wp-content\/uploads\/2023\/12\/Dec-Alc-3742-15122023.pdf\" class=\"wp-block-file__button\">Descarga<\/a><\/div>\n\n\n\n<hr class=\"wp-block-separator has-css-opacity\"\/>\n\n\n\n<p><strong><strong>BASES CONCURSO P\u00daBLICO ABOGADA CENTRO DE LA MUJER &#8211; MOLINA<\/strong><\/strong><\/p>\n\n\n\n<div class=\"wp-block-file\"><a href=\"https:\/\/web.molina.cl\/wp-content\/uploads\/2023\/10\/Propuesta-de-Bases-Concurso-Abogada-CDM-MOLINA-Octubre-1.pdf\">DESCARGAR BASES<\/a><a href=\"https:\/\/web.molina.cl\/wp-content\/uploads\/2023\/10\/Propuesta-de-Bases-Concurso-Abogada-CDM-MOLINA-Octubre-1.pdf\" class=\"wp-block-file__button\">Descarga<\/a><\/div>\n\n\n\n<hr class=\"wp-block-separator has-css-opacity\"\/>\n\n\n\n<p><strong><strong>BASES CONCURSO P\u00daBLICO DE ANTECEDENTES PARA PROVEER CARGOS EN EL \u00c1REA DE SALUD ATENCI\u00d3N PRIMARIA, EN CALIDAD DE INDEFINIDO, DEPENDIENTES DEL DEPARTAMENTO COMUNAL DE SALUD DE LA ILUSTRE MUNICIPALIDAD DE MOLINA<\/strong><\/strong><\/p>\n\n\n\n<div class=\"wp-block-file\"><a href=\"https:\/\/web.molina.cl\/wp-content\/uploads\/2023\/09\/Bases-de-concurso-Publico-Salud-11092023.pdf\">DESCARGAR BASES<\/a><a href=\"https:\/\/web.molina.cl\/wp-content\/uploads\/2023\/09\/Bases-de-concurso-Publico-Salud-11092023.pdf\" class=\"wp-block-file__button\">Descarga<\/a><\/div>\n\n\n\n<hr class=\"wp-block-separator has-css-opacity\"\/>\n\n\n\n<p>B<strong>ASES ADMINISTRATIVAS DEL CONCURSO P\u00daBLICO PARA PROVEER DISTINTOS<br>CARGOS VACANTES DE LA PLANTA DE PERSONAL DE LA MUNICIPALIDAD DE<br>MOLINA<\/strong><\/p>\n\n\n\n<div class=\"wp-block-file\"><a href=\"https:\/\/web.molina.cl\/wp-content\/uploads\/2023\/07\/BASES-CONCURSO.pdf\">BASES CONCURSO P\u00daBLICO<\/a><a href=\"https:\/\/web.molina.cl\/wp-content\/uploads\/2023\/07\/BASES-CONCURSO.pdf\" class=\"wp-block-file__button\">Descarga<\/a><\/div>\n\n\n\n<div class=\"wp-block-file\"><a href=\"https:\/\/web.molina.cl\/wp-content\/uploads\/2023\/07\/ANEXO-I.pdf\">ANEXO I<\/a><a href=\"https:\/\/web.molina.cl\/wp-content\/uploads\/2023\/07\/ANEXO-I.pdf\" class=\"wp-block-file__button\">Descarga<\/a><\/div>\n\n\n\n<div class=\"wp-block-file\"><a href=\"https:\/\/web.molina.cl\/wp-content\/uploads\/2023\/07\/ANEXO-II.pdf\">ANEXO II<\/a><a href=\"https:\/\/web.molina.cl\/wp-content\/uploads\/2023\/07\/ANEXO-II.pdf\" class=\"wp-block-file__button\">Descarga<\/a><\/div>\n\n\n\n<hr class=\"wp-block-separator has-css-opacity\"\/>\n\n\n\n<p><strong>CONCURSO P\u00daBLICO PROGRAMA RECUPERACI\u00d3N DE BARRIOS<\/strong> <strong>(PLAZO EXTENDIDO HASTA VIERNES 28 DE JULIO DE 2023)<\/strong><\/p>\n\n\n\n<div class=\"wp-block-file\"><a href=\"https:\/\/web.molina.cl\/wp-content\/uploads\/2023\/07\/Presentacion-Antecedentes-Profesionales-y-Tecnicos-para-Programa-Recuperacion-de-Barrios.pdf\">Concurso P\u00fablico Programa Recuperaci\u00f3n de Barrios Presentaci\u00f3n Antecedentes Profesionales y T\u00e9cnicos para Programa Recuperaci\u00f3n de Barrios<\/a><a href=\"https:\/\/web.molina.cl\/wp-content\/uploads\/2023\/07\/Presentacion-Antecedentes-Profesionales-y-Tecnicos-para-Programa-Recuperacion-de-Barrios.pdf\" class=\"wp-block-file__button\">Descarga<\/a><\/div>\n\n\n\n<div class=\"wp-block-file\"><a href=\"https:\/\/web.molina.cl\/wp-content\/uploads\/2023\/07\/Perfil-Apoyo-Social.pdf\">CONCURSO P\u00daBLICO PROGRAMA RECUPERACI\u00d3N DE BARRIOS PERFIL APOYO SOCIAL<\/a><a href=\"https:\/\/web.molina.cl\/wp-content\/uploads\/2023\/07\/Perfil-Apoyo-Social.pdf\" class=\"wp-block-file__button\">Descarga<\/a><\/div>\n\n\n\n<div class=\"wp-block-file\"><a href=\"https:\/\/web.molina.cl\/wp-content\/uploads\/2023\/07\/Perfil-Apoyo-Urbano.pdf\">CONCURSO P\u00daBLICO PROGRAMA RECUPERACI\u00d3N DE BARRIOS PERFIL APOYO URBANO<\/a><a href=\"https:\/\/web.molina.cl\/wp-content\/uploads\/2023\/07\/Perfil-Apoyo-Urbano.pdff\" class=\"wp-block-file__button\">Descarga<\/a><\/div>\n\n\n\n<div class=\"wp-block-file\"><a href=\"https:\/\/web.molina.cl\/wp-content\/uploads\/2023\/07\/Perfil-Encargado-a-Social.pdf\">CONCURSO P\u00daBLICO PROGRAMA RECUPERACI\u00d3N DE BARRIOSO PERFIL ENCARGADO (A) SOCIAL<\/a><a href=\"https:\/\/web.molina.cl\/wp-content\/uploads\/2023\/07\/Perfil-Encargado-a-Social.pdf\" class=\"wp-block-file__button\">Descarga<\/a><\/div>\n\n\n\n<div class=\"wp-block-file\"><a href=\"https:\/\/web.molina.cl\/wp-content\/uploads\/2023\/07\/Perfil-Encargado-a-Urbano.pdf\">CONCURSO P\u00daBLICO PROGRAMA RECUPERACI\u00d3N DE BARRIOS PERFIL ENCARGADO (A) URBANO<\/a><a href=\"https:\/\/web.molina.cl\/wp-content\/uploads\/2023\/07\/Perfil-Encargado-a-Urbano.pdf\" class=\"wp-block-file__button\">Descarga<\/a><\/div>\n\n\n\n<hr class=\"wp-block-separator has-css-opacity\"\/>\n\n\n\n<p><strong>CONCURSO P\u00daBLICO PARA APOYO FAMILIAR INTEGRAL<\/strong><\/p>\n\n\n\n<div class=\"wp-block-file\"><a href=\"https:\/\/web.molina.cl\/wp-content\/uploads\/2023\/07\/CONCURSO-Apoyo-Familias-Integral-Julio-2023.pdf\">CONCURSO P\u00daBLICO PARA APOYO FAMILIAR INTEGRAL<\/a><a href=\"https:\/\/web.molina.cl\/wp-content\/uploads\/2023\/07\/CONCURSO-Apoyo-Familias-Integral-Julio-2023.pdf\" class=\"wp-block-file__button\">Descarga<\/a><\/div>\n\n\n\n<hr class=\"wp-block-separator has-css-opacity\"\/>\n\n\n\n<p><strong>CONCURSO P\u00daBLICO PARA COORDINADOR (A) DE OPD<br>(Convenio Servicio Mejor Ni\u00f1ez \u2013 Ilustre Municipalidad de Molina)<\/strong><\/p>\n\n\n\n<div class=\"wp-block-file\"><a href=\"https:\/\/web.molina.cl\/wp-content\/uploads\/2023\/04\/Concurso-Publico-OPD-Molina-23.pdf\">CONCURSO P\u00daBLICO PARA COORDINADOR<\/a><a href=\"https:\/\/web.molina.cl\/wp-content\/uploads\/2023\/04\/Concurso-Publico-OPD-Molina-23.pdf\" class=\"wp-block-file__button\">Descarga<\/a><\/div>\n\n\n\n<hr class=\"wp-block-separator has-css-opacity\"\/>\n\n\n\n<p><strong>BASES ADMINISTRATICAS DEL CONCURSO P\u00daBLICO PARA PROVEER DISTINTOS CARGOS VACANTES DE LA PLANTA DE PERSONAL DE LA MUNICIPALIDAD DE MOLINA<\/strong><\/p>\n\n\n\n<div class=\"wp-block-file\"><a href=\"https:\/\/web.molina.cl\/wp-content\/uploads\/2023\/03\/Bases-comcursos-publicos-distintos-cargos-Mun-Molina-1.pdf\">Bases Concursos P\u00fablicos Distintos Cargos<\/a><a href=\"https:\/\/web.molina.cl\/wp-content\/uploads\/2023\/03\/Bases-comcursos-publicos-distintos-cargos-Mun-Molina-1.pdf\" class=\"wp-block-file__button\" download>Descarga<\/a><\/div>\n\n\n\n<div class=\"wp-block-file\"><a href=\"https:\/\/web.molina.cl\/wp-content\/uploads\/2023\/03\/ANEXO-I.docx\">ANEXO I.<\/a><a href=\"https:\/\/web.molina.cl\/wp-content\/uploads\/2023\/03\/ANEXO-I.docx\" class=\"wp-block-file__button\">Descarga<\/a><\/div>\n\n\n\n<div class=\"wp-block-file\"><a href=\"https:\/\/web.molina.cl\/wp-content\/uploads\/2023\/03\/ANEXO-II.docx\">ANEXO II<\/a><a href=\"https:\/\/web.molina.cl\/wp-content\/uploads\/2023\/03\/ANEXO-II.docx\" class=\"wp-block-file__button\">Descarga<\/a><\/div>\n\n\n\n<hr class=\"wp-block-separator has-css-opacity\"\/>\n\n\n\n<p><strong>BASES CONCURSO P\u00daBLICO &#8211; Abogado(a) Centro de la Mujer<\/strong><\/p>\n\n\n\n<div class=\"wp-block-file\"><a href=\"https:\/\/web.molina.cl\/wp-content\/uploads\/2023\/01\/Propuesta-de-Bases-Concurso-Abogada-CDM-MOLINA.pdf\">BASES CONCURSO P\u00daBLICO &#8211; ABOGADO(A) CENTRO DE LA MUJER.<\/a><a href=\"https:\/\/web.molina.cl\/wp-content\/uploads\/2023\/01\/Propuesta-de-Bases-Concurso-Abogada-CDM-MOLINA.pdf\" class=\"wp-block-file__button\">Descarga<\/a><\/div>\n\n\n\n<hr class=\"wp-block-separator has-css-opacity is-style-wide\"\/>\n\n\n\n<p class=\"has-regular-font-size\"><strong>BASES CONCURSO P\u00daBLICO &#8211; Apoyo Familiar Integral<\/strong><\/p>\n\n\n\n<div class=\"wp-block-file\"><a href=\"https:\/\/web.molina.cl\/wp-content\/uploads\/2022\/12\/BASES-CONCURSO-PUBLICO-AFI-LOCAL-MOLINA.pdf\">BASES CONCURSO P\u00daBLICO &#8211; AFI LOCAL MOLINA.<\/a><a href=\"https:\/\/web.molina.cl\/wp-content\/uploads\/2022\/12\/BASES-CONCURSO-PUBLICO-AFI-LOCAL-MOLINA.pdf\" class=\"wp-block-file__button\">Descarga<\/a><\/div>\n\n\n\n<hr class=\"wp-block-separator has-css-opacity is-style-wide\"\/>\n\n\n\n<p class=\"has-regular-font-size\"><strong>BASES CONCURSO INTERNO 2022 DEPARTAMENTO DE SALUD MOLINA.<\/strong><\/p>\n\n\n\n<div class=\"wp-block-file\"><a href=\"https:\/\/web.molina.cl\/wp-content\/uploads\/2022\/10\/Decreto-Exento-N\u00b0-2504.pdf\">DECRETO EXENTO N\u00b0 2504.<\/a><a href=\"https:\/\/web.molina.cl\/wp-content\/uploads\/2022\/10\/Decreto-Exento-N\u00b0-2504.pdf\" class=\"wp-block-file__button\">Descarga<\/a><\/div>\n\n\n\n<div class=\"wp-block-file\"><a href=\"https:\/\/web.molina.cl\/wp-content\/uploads\/2022\/10\/Bases-concurso-interno-2022.pdf\">BASES CONCURSO INTERNO 2022 DEPARTAMENTO DE SALUD MOLINA.<\/a><a href=\"https:\/\/web.molina.cl\/wp-content\/uploads\/2022\/10\/Bases-concurso-interno-2022.pdf\" class=\"wp-block-file__button\">Descarga<\/a><\/div>\n\n\n\n<div class=\"wp-block-file\"><a href=\"https:\/\/web.molina.cl\/wp-content\/uploads\/2022\/12\/Dec-ex-3357-2022-1.pdf\">Decreto Exento N\u00b03357-2022 Fija el listado definitivo y puntajes finales<\/a><a href=\"https:\/\/web.molina.cl\/wp-content\/uploads\/2022\/12\/Dec-ex-3357-2022-1.pdf\" class=\"wp-block-file__button\">Descarga<\/a><\/div>\n\n\n\n<hr class=\"wp-block-separator has-css-opacity is-style-wide\"\/>\n\n\n\n<p class=\"has-regular-font-size\"><strong>Bases Concurso P\u00fablico para coordinador\/a del Centro de la Mujer de Molina.<\/strong><\/p>\n\n\n\n<div class=\"wp-block-file\"><a href=\"https:\/\/web.molina.cl\/wp-content\/uploads\/2022\/09\/Bases-Coordinadora-CDM.pdf\">Bases Concurso P\u00fablico para coordinador\/a del Centro de la Mujer de Molina.<\/a><a href=\"https:\/\/web.molina.cl\/wp-content\/uploads\/2022\/09\/Bases-Coordinadora-CDM.pdf\" class=\"wp-block-file__button\">Descarga<\/a><\/div>\n\n\n\n<hr class=\"wp-block-separator has-css-opacity is-style-wide\"\/>\n\n\n\n<p class=\"has-regular-font-size\"><strong>Concurso P\u00fablico para proveer Distintos cargos vacantes de la planta de personal de la Municipalidad de Molina<\/strong><\/p>\n\n\n\n<div class=\"wp-block-file\"><a href=\"https:\/\/web.molina.cl\/wp-content\/uploads\/2022\/07\/Bases-Jefatura-y-Profesionales.pdf\">Bases Jefatura y Profesionales.<\/a><a href=\"https:\/\/web.molina.cl\/wp-content\/uploads\/2022\/07\/Bases-Jefatura-y-Profesionales.pdf\" class=\"wp-block-file__button\">Descarga<\/a><\/div>\n\n\n\n<div class=\"wp-block-file\"><a href=\"https:\/\/web.molina.cl\/wp-content\/uploads\/2022\/07\/ANEXO-I.pdf\">ANEXO I.<\/a><a href=\"https:\/\/web.molina.cl\/wp-content\/uploads\/2022\/07\/ANEXO-I.pdf\" class=\"wp-block-file__button\">Descarga<\/a><\/div>\n\n\n\n<div class=\"wp-block-file\"><a href=\"https:\/\/web.molina.cl\/wp-content\/uploads\/2022\/07\/ANEXO-II.pdf\">ANEXO II.<\/a><a href=\"https:\/\/web.molina.cl\/wp-content\/uploads\/2022\/07\/ANEXO-II.pdf\" class=\"wp-block-file__button\">Descarga<\/a><\/div>\n\n\n\n<div class=\"wp-block-file\"><a href=\"https:\/\/web.molina.cl\/wp-content\/uploads\/2022\/07\/Publicacion-Profesionales-y-Jefaturas.pdf\">Publicaci\u00f3n Profesionales y Jefaturas.<\/a><a href=\"https:\/\/web.molina.cl\/wp-content\/uploads\/2022\/07\/Publicacion-Profesionales-y-Jefaturas.pdf\" class=\"wp-block-file__button\">Descarga<\/a><\/div>\n\n\n\n<hr class=\"wp-block-separator has-css-opacity is-style-wide\"\/>\n\n\n\n<p> <strong>Concurso P\u00fablico Centro de la Mujer Molina<\/strong> <\/p>\n\n\n\n<div class=\"wp-block-file\"><a href=\"https:\/\/web.molina.cl\/wp-content\/uploads\/2022\/03\/BASES-CARGO-PSICOLOGO-2022-CDM-MOLINA.pdf\">Bases Concurso P\u00fablico para proveer cargo de Psic\u00f3logo Centro de la Mujer Molina Abril 2022<\/a><a href=\"https:\/\/web.molina.cl\/wp-content\/uploads\/2022\/03\/BASES-CARGO-PSICOLOGO-2022-CDM-MOLINA.pdf\" class=\"wp-block-file__button\">Descarga<\/a><\/div>\n\n\n\n<div class=\"wp-block-file\"><a href=\"https:\/\/web.molina.cl\/wp-content\/uploads\/2022\/03\/BASES-CARGO-PSICOLOGO-2022-CDM-MOLINA-1.pdf\">Bases Concurso P\u00fablico para proveer cargo de Psic\u00f3logo Centro de la Mujer Molina Marzo 2022<\/a><a href=\"https:\/\/web.molina.cl\/wp-content\/uploads\/2022\/03\/BASES-CARGO-PSICOLOGO-2022-CDM-MOLINA-1.pdf\" class=\"wp-block-file__button\">Descarga<\/a><\/div>\n\n\n\n<hr class=\"wp-block-separator has-css-opacity is-style-wide\"\/>\n\n\n\n<p class=\"has-regular-font-size\"><strong>Concurso P\u00fablico Para Apoyo Familiar Integral<\/strong><\/p>\n\n\n\n<div class=\"wp-block-file\"><a href=\"https:\/\/web.molina.cl\/wp-content\/uploads\/2022\/03\/BASES-AFIS-MOLINA.pdf\">Bases Concurso P\u00fablico para apoyo familiar integral.<\/a><a href=\"https:\/\/web.molina.cl\/wp-content\/uploads\/2022\/03\/BASES-AFIS-MOLINA.pdf\" class=\"wp-block-file__button\">Descarga<\/a><\/div>\n\n\n\n<p><\/p>\n","protected":false},"excerpt":{"rendered":"<p>Bases de Concurso P\u00fablico de Antecedentes para Proveer Cargo de DIRECTOR\/A DE CENTRO DE SALUD FAMILIAR MOLINA. DESCARGAR BASESDescarga BASES ADMINISTRATIVAS DEL CONCURSO P\u00daBLICO PARA PROVEER DISTINTOS CARGOS VACANTES DE LA PLANTA DE PERSONAL DE LA I. MUNICIPALIDAD DE MOLINA DESCARGAR BASESDescarga ANEXO IDescarga ANEXO IIDescarga BASES LLAMADO A CONCURSO P\u00daBLICO JEFAS DE HOGAR DESCARGAR [&hellip;]<\/p>\n","protected":false},"author":7,"featured_media":0,"parent":0,"menu_order":0,"comment_status":"closed","ping_status":"closed","template":"","meta":{"footnotes":""},"_links":{"self":[{"href":"https:\/\/web.molina.cl\/index.php?rest_route=\/wp\/v2\/pages\/49916"}],"collection":[{"href":"https:\/\/web.molina.cl\/index.php?rest_route=\/wp\/v2\/pages"}],"about":[{"href":"https:\/\/web.molina.cl\/index.php?rest_route=\/wp\/v2\/types\/page"}],"author":[{"embeddable":true,"href":"https:\/\/web.molina.cl\/index.php?rest_route=\/wp\/v2\/users\/7"}],"replies":[{"embeddable":true,"href":"https:\/\/web.molina.cl\/index.php?rest_route=%2Fwp%2Fv2%2Fcomments&post=49916"}],"version-history":[{"count":73,"href":"https:\/\/web.molina.cl\/index.php?rest_route=\/wp\/v2\/pages\/49916\/revisions"}],"predecessor-version":[{"id":69518,"href":"https:\/\/web.molina.cl\/index.php?rest_route=\/wp\/v2\/pages\/49916\/revisions\/69518"}],"wp:attachment":[{"href":"https:\/\/web.molina.cl\/index.php?rest_route=%2Fwp%2Fv2%2Fmedia&parent=49916"}],"curies":[{"name":"wp","href":"https:\/\/api.w.org\/{rel}","templated":true}]}}